{"version":"1.0","provider_name":"activeMind.ch","provider_url":"https:\/\/www.activemind.ch\/fr\/","author_name":"support","author_url":"https:\/\/www.activemind.ch\/fr\/blog\/author\/support\/","title":"Article 8 \u00c9valuation du niveau de protection ad\u00e9quat des donn\u00e9es d\u2019un \u00c9tat, d\u2019un territoire, d\u2019un secteur d\u00e9termin\u00e9 dans un \u00c9tat, ou d\u2019un organisme international | activeMind.ch","type":"rich","width":600,"height":338,"html":"<blockquote class=\"wp-embedded-content\" data-secret=\"ll8AgRFL6e\"><a href=\"https:\/\/www.activemind.ch\/fr\/legislation\/opdo\/article-8\/\">Article 8 \u00c9valuation du niveau de protection ad\u00e9quat des donn\u00e9es d\u2019un \u00c9tat, d\u2019un territoire, d\u2019un secteur d\u00e9termin\u00e9 dans un \u00c9tat, ou d\u2019un organisme international<\/a><\/blockquote><iframe sandbox=\"allow-scripts\" security=\"restricted\" src=\"https:\/\/www.activemind.ch\/fr\/legislation\/opdo\/article-8\/embed\/#?secret=ll8AgRFL6e\" width=\"600\" height=\"338\" title=\"&#8220;Article 8 \u00c9valuation du niveau de protection ad\u00e9quat des donn\u00e9es d\u2019un \u00c9tat, d\u2019un territoire, d\u2019un secteur d\u00e9termin\u00e9 dans un \u00c9tat, ou d\u2019un organisme international&#8221; &#8212; activeMind.ch\" data-secret=\"ll8AgRFL6e\" frameborder=\"0\" marginwidth=\"0\" marginheight=\"0\" scrolling=\"no\" class=\"wp-embedded-content\"><\/iframe><script>\n\/*! This file is auto-generated *\/\n!function(d,l){\"use strict\";l.querySelector&&d.addEventListener&&\"undefined\"!=typeof URL&&(d.wp=d.wp||{},d.wp.receiveEmbedMessage||(d.wp.receiveEmbedMessage=function(e){var t=e.data;if((t||t.secret||t.message||t.value)&&!\/[^a-zA-Z0-9]\/.test(t.secret)){for(var s,r,n,a=l.querySelectorAll('iframe[data-secret=\"'+t.secret+'\"]'),o=l.querySelectorAll('blockquote[data-secret=\"'+t.secret+'\"]'),c=new RegExp(\"^https?:$\",\"i\"),i=0;i<o.length;i++)o[i].style.display=\"none\";for(i=0;i<a.length;i++)s=a[i],e.source===s.contentWindow&&(s.removeAttribute(\"style\"),\"height\"===t.message?(1e3<(r=parseInt(t.value,10))?r=1e3:~~r<200&&(r=200),s.height=r):\"link\"===t.message&&(r=new URL(s.getAttribute(\"src\")),n=new URL(t.value),c.test(n.protocol))&&n.host===r.host&&l.activeElement===s&&(d.top.location.href=t.value))}},d.addEventListener(\"message\",d.wp.receiveEmbedMessage,!1),l.addEventListener(\"DOMContentLoaded\",function(){for(var e,t,s=l.querySelectorAll(\"iframe.wp-embedded-content\"),r=0;r<s.length;r++)(t=(e=s[r]).getAttribute(\"data-secret\"))||(t=Math.random().toString(36).substring(2,12),e.src+=\"#?secret=\"+t,e.setAttribute(\"data-secret\",t)),e.contentWindow.postMessage({message:\"ready\",secret:t},\"*\")},!1)))}(window,document);\n\/\/# sourceURL=https:\/\/www.activemind.ch\/wp-includes\/js\/wp-embed.min.js\n<\/script>\n","description":"1\u00a0Les \u00c9tats, les territoires, les secteurs d\u00e9termin\u00e9s dans un \u00c9tat, et les organismes internationaux avec un niveau de protection ad\u00e9quat sont mentionn\u00e9s \u00e0 l\u2019annexe 1. 2\u00a0Pour \u00e9valuer si un \u00c9tat, un territoire, un secteur d\u00e9termin\u00e9 dans un \u00c9tat, ou un organisme international garantit un niveau de protection ad\u00e9quat, les crit\u00e8res suivants sont en particulier pris [&hellip;]"}